{"id":58,"date":"2024-11-06T19:22:41","date_gmt":"2024-11-06T18:22:41","guid":{"rendered":"https:\/\/mediacion-gimarc.umh.es\/?page_id=58"},"modified":"2026-04-22T20:46:53","modified_gmt":"2026-04-22T18:46:53","slug":"58-2","status":"publish","type":"page","link":"https:\/\/mediacion-gimarc.umh.es\/ca\/58-2\/","title":{"rendered":"Publicaciones relevantes"},"content":{"rendered":"<p>POLO AR\u00c9VALO, E.M., \u201c<a href=\"https:\/\/dialnet.unirioja.es\/servlet\/articulo?codigo=9463910\">Opus facere: Una aportaci\u00f3n de las fuentes jur\u00eddicas romanas en la sistematizaci\u00f3n de las obligaciones<\/a>\u201d, en RIDROM: Revista Internacional de Derecho Romano, n\u00ba. 32, 2024, p\u00e1gs. 361 y ss.<\/p>\n<p>POLO AR\u00c9VALO, E.M., \u201c<a href=\"https:\/\/dialnet.unirioja.es\/servlet\/articulo?codigo=9158449\">Poder de disposici\u00f3n del demandado sobre el objeto del litigio: precedentes y actualidad del allanamiento a la demanda<\/a>\u201d, en Revista Internacional de Derecho Romano, n\u00ba. 31, 2023, p\u00e1gs. 190-242<\/p>\n<p>POLO AR\u00c9VALO, E.M.,\u00a0\u201c<a href=\"https:\/\/dialnet.unirioja.es\/servlet\/articulo?codigo=7985225\">Tratamiento de la diligencia en las fuentes romanas: especial referencia a la diligentia quam in suis rebus adhibere solet en el \u00e1mbito contractual<\/a>\u201d, en Revista General de Derecho Romano. Iustel. Junio 2021.<\/p>\n<p>POLO AR\u00c9VALO, E.M., <a href=\"https:\/\/dialnet.unirioja.es\/servlet\/articulo?codigo=8105241\">Consideraciones en torno a las res publicis usibus destinatae sunt<\/a>, en Fundamentos roman\u00edsticos del derecho contempor\u00e1neo \/ Justo Garc\u00eda S\u00e1nchez (dir.), Adolfo D\u00edaz-Bautista Cremades (aut.), Vol. 1, 2021 (Derecho p\u00fablico romano \/ coord. por Armando Jos\u00e9 Torrent Ruiz), ISBN 978-84-340-2717-6, p\u00e1gs. 713-724.<\/p>\n<p>POLO AR\u00c9VALO, E.M., \u201c<a href=\"https:\/\/dialnet.unirioja.es\/servlet\/articulo?codigo=8105148\">En torno a la &#8220;reasonable person&#8221; como modelo de conducta para la armonizaci\u00f3n del derecho europeo<\/a>\u201d, en Fundamentos Roman\u00edsticos del Derecho Europeo e Iberoamericano, Bolet\u00edn Oficial del Estado, Madrid, 2019, P\u00e1gs. 163-181.<\/p>\n<p>POLO AR\u00c9VALO, E.M., <a href=\"https:\/\/dialnet.unirioja.es\/servlet\/articulo?codigo=8159475\">La actio exercitoria como medio para garantizar la seguridad jur\u00eddica en el tr\u00e1fico negocial mar\u00edtimo<\/a>. En La actividad de la banca y los negocios mercantiles en el Mare Nostrum. THOMSON. 2015. P\u00e1gs. 253-270.<\/p>\n<p>POLO AR\u00c9VALO, E.M., &#8220;<a href=\"https:\/\/dialnet.unirioja.es\/servlet\/articulo?codigo=5712657\">Una reflexi\u00f3n actual del principio de interpretaci\u00f3n in ambiguitas contra stipulationem<\/a>&#8220;, en RIDROM, n\u00ba 15, 2015.<\/p>\n<p><span class=\"titulo\">CARMONA PAREDES, R., <a href=\"https:\/\/addi.ehu.es\/handle\/10810\/15612\">Cautelas al uso de elementos tecnol\u00f3gicos en los procedimientos de mediaci\u00f3n laboral online<\/a>, en Significado de las nuevas tecnolog\u00edas en el porvenir de las relaciones laborales \/ <abbr title=\"Coordinador de la elaboraci\u00f3n de un art\u00edculo o publicaci\u00f3n\">coord.<\/abbr>\u00a0por\u00a0Francisco Javier Fern\u00e1ndez Orrico, 2022,\u00a0<acronym title=\"International Standard Book Number\">ISBN<\/acronym>\u00a0978-84-1125-477-9,\u00a0<abbr title=\"p\u00e1ginas\">p\u00e1gs.<\/abbr> 209-232.<\/span><\/p>\n<p><span class=\"titulo\">CARMONA PAREDES, R., La mediaci\u00f3n en conflictos individuales de trabajo <\/span><span class=\"subtitulo\">posibilidades y l\u00edmites. <a href=\"https:\/\/www.educacion.gob.es\/teseo\/imprimirFicheroTesis.do?idFichero=3UWwt5vf1u0%3D\">Tesis<\/a>.<\/span><\/p>\n<p>S\u00c1NCHEZ CASTILLO, M-MOLINA PRETEL, D., El desarrollo legislativo del EBEP en las comunidades aut\u00f3nomas, en X Seminario sobre Aspectos Jur\u00eddicos de la Gesti\u00f3n Universitaria \/ coord. por Ana Isabel Caro Mu\u00f1oz, Isabel Bonachera Ledro, Fernando Palencia Herrej\u00f3n, Emiliano Garmendia, 2014, ISBN 978-84-9860-976-9, p\u00e1gs. 323-366<\/p>\n<p>FUENTES SORIANO, O., Las reformas en el proceso civil por la nueva oficina judicial. Revista Pr\u00e1ctica de Tribunales. 2010 (72) &#8211; 2010 (72), pp. 17 &#8211; 36. (Espa\u00f1a): Wolters-kluwer-Espa\u00f1a, 2010. ISSN 16977068<\/p>\n<p>FUENTES SORIANO, O., Hacia una teor\u00eda general de la Jurisdicci\u00f3n voluntaria. Revista general de Derecho Procesal. 13 &#8211; 13, (Espa\u00f1a): IUSTEL, 13\/10\/2007. ISSN 1696-9642<\/p>\n<p>FUENTES SORIANO, O., pr\u00f3logo. Estudios sobre mediaci\u00f3n y arbitraje desde una perspectiva procesal. pp. 201 &#8211; 233. THOMSON REUTERS, 2017.<\/p>\n<p>FUENTES SORIANO, O., La protecci\u00f3n de los derechos de la v\u00edctima. El tribunal supremo, su doctrina legal y el Recurso de casaci\u00f3n. Estudios en homenaje des profesor Almagro Nosete.pp. 979 &#8211; 994. (Espa\u00f1a): IUSTEL, 2007. ISBN 978-84-96717-20-6<\/p>\n<p>FUENTES SORIANO, O., Las Costas y la Intervenci\u00f3n no preceptiva de Abogado y Procurador. Revista Jur\u00eddica &#8220;La Ley&#8221;. 6 &#8211; 6, pp. 1745 &#8211; 1750. 08\/11\/1999.<\/p>\n<p>ORTEGA GIM\u00c9NEZ, A.-GONZALO DOMENECH, J. Nuevo marco jur\u00eddico en materia de protecci\u00f3n de datos de car\u00e1cter personal en la Uni\u00f3n Europea. Revista de la Facultad de Derecho, Universidad de la Republica. 44, pp. 1 &#8211; 35. 01\/2018.<\/p>\n<p>ORTEGA GIM\u00c9NEZ, A.-HEREDIA ORTIZ, J.P. Cuestiones pr\u00e1cticas acerca del r\u00e9gimen de alegaci\u00f3n y prueba del derecho extranjero en Espa\u00f1a \u00bfPor qu\u00e9 debe probarse, \u00bfqu\u00e9 debe probarse y c\u00f3mo debe probarse el derecho extranjero en Espa\u00f1a? Revista Economist &amp; Jurist. 216, pp. 32 &#8211; 39. Difusi\u00f3n Jur\u00eddica y Temas de Actualidad S.L., 2018.<\/p>\n<p>ORTEGA GIM\u00c9NEZ, A. Presupuestos pr\u00e1cticos de tramitaci\u00f3n de expedientes de adquisici\u00f3n de la nacionalidad espa\u00f1ola por residencia. Diario La Ley, en el n\u00famero 9098. 13\/12\/2017.<\/p>\n<p>ORTEGA GIM\u00c9NEZ, A. Competencia judicial internacional y la determinaci\u00f3n de la Ley aplicable en casos de crisis matrimoniales internacionales, en Revista Economist &amp; Jurist, N\u00famero 215, Difusi\u00f3n Jur\u00eddica, Barcelona, 17 de noviembre de 2017, pp. 32-43.11\/2017.<\/p>\n<p>ORTEGA GIM\u00c9NEZ, A. Interacci\u00f3n entre la transparencia, acceso a la informaci\u00f3n y buen gobierno y la protecci\u00f3n de datos de car\u00e1cter personal. IV Certamen de art\u00edculos jur\u00eddicos sobre Derecho del Entretenimiento: Premios DANAE. pp. 50 &#8211; 70. Reimpventa, 11\/2017.<\/p>\n<p>ORTEGA GIM\u00c9NEZ, A. Rese\u00f1as jurisprudenciales en los n\u00fameros 1\u00ba, 2\u00ba, 3\u00ba, 4\u00ba y 5\u00ba, en Revista Praxis Judicial de los Tribunales Espa\u00f1oles, Valencia 2017.2017.<\/p>\n<p>ARRABAL PLATERO, P., \u201cThe influence of european jurisprudence in the admission of evidence obtained by the employer to control the worker\u201d, en\u00a0<em>Cross-border litigation in a digital context: from classrooms to judiciary<\/em>\u00a0(Dirs. SPADA JIM\u00c9NEZ, LUCCHI L\u00d3PEZ-TAPIA; Coord. L\u00d3PEZ PIC\u00d3), Dykinson, Madrid, 2024, pp. 261-268<\/p>\n<p>ARRABAL PLATERO, P., \u201cLos Tribunales consuetudinarios y tradicionales: su reconocimiento constitucional, naturaleza jur\u00eddica y caracteres\u201d, en\u00a0<em>Los tribunales consuetudinarios y tradicionales: cuestiones jur\u00eddicas<\/em>\u00a0(Dirs. OCHOA MONZ\u00d3, OCHOA MONZ\u00d3), Tirant Lo Blanch, Valencia, 2023, pp. 81-104<\/p>\n<p>ARRABAL PLATERO, P., \u00abLa prueba tecnol\u00f3gica: obtenci\u00f3n y pr\u00e1ctica en el proceso\u00bb, en VVAA,\u00a0<em>Direito Administrativo e Tecnologia\u00a0<\/em>(Dir. FLAM\u00cdNIO DA SILVA), Almedina, Oporto, 2023<\/p>\n<p>ARRABAL PLATERO, P., \u201c\u00daltimas tendencias en materia de videovigilancia laboral: notas a la STEDH, Gran Sala, de 17 de octubre de 2019, en el caso de L\u00f3pez Ribalda y otros contra Espa\u00f1a\u201d, en Estudios sobre Jurisprudencia Europea Materiales del VI Encuentro anual del Centro espa\u00f1ol del European Law Institute (Dir. Ruda Gonz\u00e1lez; Coord. Kubica), Editorial Jur\u00eddica Sep\u00edn, Madrid, 2023 pp. 1040-1055<\/p>\n<p>ARRABAL PLATERO, P., \u201cLa necesaria eficacia y modernizaci\u00f3n de la justicia para el cumplimiento de los Objetivos de Desarrollo Sostenible\u201d, en\u00a0<em>Modernizaci\u00f3n, eficiencia y aceleraci\u00f3n del proceso<\/em> (Dirs. PEREIRA PUIGVERT; Coords. ORD\u00d3\u00d1EZ PONZ, RODR\u00cdGUEZ R\u00cdOS), Aranzadi, Cizur Menor, 2022, pp. 301-327.<\/p>\n<p>&nbsp;<\/p>\n<p>&nbsp;<\/p>","protected":false},"excerpt":{"rendered":"<p>POLO AR\u00c9VALO, E.M., \u201cOpus facere: Una aportaci\u00f3n de las fuentes jur\u00eddicas romanas en la sistematizaci\u00f3n de las obligaciones\u201d, en RIDROM: Revista Internacional de Derecho Romano, n\u00ba. 32, 2024, p\u00e1gs. 361 y ss.<br \/>\nPOLO AR\u00c9VALO, E.M., \u201cPoder de disposici\u00f3n del demandado sobre el objeto del litigio: precedentes y actualidad del allanamiento a la demanda\u201d, en Revista Internacional [&#8230;]<\/p>\n","protected":false},"author":195,"featured_media":0,"parent":0,"menu_order":30,"comment_status":"closed","ping_status":"closed","template":"","meta":{"_links_to":"","_links_to_target":""},"_links":{"self":[{"href":"https:\/\/mediacion-gimarc.umh.es\/ca\/wp-json\/wp\/v2\/pages\/58"}],"collection":[{"href":"https:\/\/mediacion-gimarc.umh.es\/ca\/wp-json\/wp\/v2\/pages"}],"about":[{"href":"https:\/\/mediacion-gimarc.umh.es\/ca\/wp-json\/wp\/v2\/types\/page"}],"author":[{"embeddable":true,"href":"https:\/\/mediacion-gimarc.umh.es\/ca\/wp-json\/wp\/v2\/users\/195"}],"replies":[{"embeddable":true,"href":"https:\/\/mediacion-gimarc.umh.es\/ca\/wp-json\/wp\/v2\/comments?post=58"}],"version-history":[{"count":0,"href":"https:\/\/mediacion-gimarc.umh.es\/ca\/wp-json\/wp\/v2\/pages\/58\/revisions"}],"wp:attachment":[{"href":"https:\/\/mediacion-gimarc.umh.es\/ca\/wp-json\/wp\/v2\/media?parent=58"}],"curies":[{"name":"wp","href":"https:\/\/api.w.org\/{rel}","templated":true}]}}